{"id":419,"date":"2020-05-17T09:08:24","date_gmt":"2020-05-17T07:08:24","guid":{"rendered":"https:\/\/kosmosmagazine.dk\/da-dk\/?page_id=419"},"modified":"2023-01-27T13:26:38","modified_gmt":"2023-01-27T12:26:38","slug":"martinus-liv-og-opvaekst","status":"publish","type":"page","link":"https:\/\/www.martinus.dk\/da-dk\/martinus-liv-og-opvaekst\/","title":{"rendered":"Martinus liv og opv\u00e6kst"},"content":{"rendered":"<p>[et_pb_section fb_built=&#8221;1&#8243; _builder_version=&#8221;4.16&#8243; global_colors_info=&#8221;{}&#8221;][et_pb_row column_structure=&#8221;1_3,2_3&#8243; _builder_version=&#8221;4.16&#8243; max_width=&#8221;1300px&#8221; custom_padding=&#8221;||119px||false|false&#8221; global_colors_info=&#8221;{}&#8221;][et_pb_column type=&#8221;1_3&#8243; _builder_version=&#8221;4.16&#8243; global_colors_info=&#8221;{}&#8221;][et_pb_text admin_label=&#8221;Titel Martinus&#8217; liv og opv\u00e6kst&#8221; _builder_version=&#8221;4.16&#8243; global_colors_info=&#8221;{}&#8221;]<\/p>\n<h1>Martinus&#8217; liv og opv\u00e6kst<\/h1>\n<p>[\/et_pb_text][\/et_pb_column][et_pb_column type=&#8221;2_3&#8243; _builder_version=&#8221;4.16&#8243; global_colors_info=&#8221;{}&#8221;][et_pb_text admin_label=&#8221;Tekst intro&#8221; _builder_version=&#8221;4.16&#8243; text_font=&#8221;||||||||&#8221; header_font=&#8221;||||||||&#8221; global_colors_info=&#8221;{}&#8221;]<\/p>\n<p>Martinus kom fra sm\u00e5 k\u00e5r og havde ingen lang uddannelse bag sig. Til geng\u00e6ld var han drevet af stor nysgerrighed, lyst til at l\u00e6re og et dybt engagement i andre mennesker. De egenskaber tog han med ind i sit mange\u00e5rige \u00e5ndsvidenskabelige arbejde \u2013 og arven efter ham lever stadig.<\/p>\n<p>[\/et_pb_text][\/et_pb_column][\/et_pb_row][et_pb_row column_structure=&#8221;2_5,3_5&#8243; _builder_version=&#8221;4.16&#8243; max_width=&#8221;1300px&#8221; custom_padding=&#8221;||88px||false|false&#8221; global_colors_info=&#8221;{}&#8221;][et_pb_column type=&#8221;2_5&#8243; _builder_version=&#8221;4.16&#8243; global_colors_info=&#8221;{}&#8221;][et_pb_text admin_label=&#8221;tekst &#8211; f\u00f8rste del&#8221; _builder_version=&#8221;4.16&#8243; global_colors_info=&#8221;{}&#8221;]<\/p>\n<p>Martinus blev f\u00f8dt i 1890 i den lille nordjyske by Sindal. Han var u\u00e6gte barn af husholdersken p\u00e5 den store g\u00e5rd Kristiansminde \u2013 og formentlig s\u00f8n af godsejeren. Han voksede derfor op som plejebarn hos sin morbror og tante. De havde en stor b\u00f8rneflok, men de tog k\u00e6rligt imod det ekstra barn.<\/p>\n<p>Penge var der til geng\u00e6ld ikke mange af i plejefamilien, og undervisningen i den lokale landsbyskole havde hovedv\u00e6gt p\u00e5 salmevers og katekismus tilsat lidt regning, geografi og Danmarkshistorie. I den lokale, indremissionske kirke fik Martinus at vide, at han som u\u00e6gte barn var d\u00f8mt til evig fortabelse \u2013 men det kunne den kvikke dreng ikke tro p\u00e5.<\/p>\n<p>Martinus f\u00f8lte nemlig allerede dengang et n\u00e6rt, personligt forhold til Gud. Men hans Gud var k\u00e6rlig \u2013 ikke streng og straffende. Senere overvejede han endda at blive mission\u00e6r, men slap tanken igen, fordi han ikke kunne forlige sig med datidens udl\u00e6gning af kristendommen.<\/p>\n<p>[\/et_pb_text][\/et_pb_column][et_pb_column type=&#8221;3_5&#8243; _builder_version=&#8221;4.16&#8243; global_colors_info=&#8221;{}&#8221;][et_pb_image src=&#8221;\/billeder\/design2\/1-1-Barndomshjem_L.jpg&#8221; alt=&#8221;Martinus&#8217; barndomshjem&#8221; title_text=&#8221;Martinus&#8217; barndomshjem&#8221; align_tablet=&#8221;center&#8221; align_phone=&#8221;&#8221; align_last_edited=&#8221;on|phone&#8221; _builder_version=&#8221;4.16&#8243; custom_margin=&#8221;||15px|10%|false|false&#8221; custom_margin_tablet=&#8221;|0px||0%|false|false&#8221; custom_margin_phone=&#8221;&#8221; custom_margin_last_edited=&#8221;on|phone&#8221; global_colors_info=&#8221;{}&#8221;][\/et_pb_image][et_pb_text _builder_version=&#8221;4.16&#8243; text_font_size=&#8221;16px&#8221; text_orientation=&#8221;right&#8221; custom_margin=&#8221;0px||||false|false&#8221; custom_padding=&#8221;0px||||false|false&#8221; global_colors_info=&#8221;{}&#8221;]<\/p>\n<p>Martinus&#8217; barndomshjem, Moskildvad, Sindal<\/p>\n<p>[\/et_pb_text][\/et_pb_column][\/et_pb_row][et_pb_row column_structure=&#8221;1_2,1_2&#8243; _builder_version=&#8221;4.16&#8243; max_width=&#8221;1300px&#8221; custom_padding=&#8221;||99px||false|false&#8221; global_colors_info=&#8221;{}&#8221;][et_pb_column type=&#8221;1_2&#8243; _builder_version=&#8221;4.16&#8243; global_colors_info=&#8221;{}&#8221;][et_pb_image src=&#8221;\/billeder\/design2\/1-1-Martinus1_L.jpg&#8221; alt=&#8221;Martinus&#8221; title_text=&#8221;Martinus&#8221; _builder_version=&#8221;4.16&#8243; custom_margin=&#8221;|2%|15px||false|false&#8221; custom_margin_tablet=&#8221;|0%|||false|false&#8221; custom_margin_phone=&#8221;&#8221; custom_margin_last_edited=&#8221;on|tablet&#8221; global_colors_info=&#8221;{}&#8221;][\/et_pb_image][et_pb_text _builder_version=&#8221;4.16&#8243; text_font_size=&#8221;16px&#8221; text_orientation=&#8221;right&#8221; custom_margin=&#8221;|2%|||false|false&#8221; custom_margin_tablet=&#8221;|0%|||false|false&#8221; custom_margin_phone=&#8221;&#8221; custom_margin_last_edited=&#8221;on|tablet&#8221; global_colors_info=&#8221;{}&#8221;]<\/p>\n<p>Martinus som 30-\u00e5rig, 1920<\/p>\n<p>[\/et_pb_text][\/et_pb_column][et_pb_column type=&#8221;1_2&#8243; _builder_version=&#8221;4.16&#8243; global_colors_info=&#8221;{}&#8221;][et_pb_text _builder_version=&#8221;4.17.4&#8243; custom_margin=&#8221;|||3%|false|false&#8221; custom_margin_tablet=&#8221;|||0%|false|false&#8221; custom_margin_phone=&#8221;&#8221; custom_margin_last_edited=&#8221;on|phone&#8221; custom_padding=&#8221;||||false|false&#8221; global_colors_info=&#8221;{}&#8221;]<\/p>\n<p><strong>Fra mejerist til forfatter<\/strong><\/p>\n<p>Efter sin konfirmation kom Martinus f\u00f8rst i smedel\u00e6re, men det var for h\u00e5rdt for den spinkle dreng. Han endte i stedet med at blive uddannet som mejerist \u2013 og de n\u00e6ste \u00e5r arbejdede han p\u00e5 forskellige mejerier rundt om i landet. I 1917 flyttede han til K\u00f8benhavn, hvor han bl.a. arbejdede som vagtmand og postbud og til slut fik et kontorjob p\u00e5 mejeriet Enigheden.<\/p>\n<p>Udefra set var der ikke meget, der tydede p\u00e5, at Martinus skulle f\u00e5 en s\u00e5 us\u00e6dvanlig livsbane, som tilf\u00e6ldet blev. Men i 1921 skete der noget helt skels\u00e6ttende for den da 30-\u00e5rige mand.<\/p>\n<p>Martinus <span>havde via en arbejdskamerat l\u00e5nt en bog om \u00e5ndelige emner. <\/span>I den forbindelse besluttede han sig for at fors\u00f8ge med meditation, og det kom til at forandre hans liv. Under en meditation p\u00e5 Gud oplevede han, at der \u00e5bnede sig en kanal i ham, der gav ham indblik i den \u00e5ndelige verden, dens love og betydning for alt liv. Han oplevede at blive omsluttet af et meget st\u00e6rkt hvidt og dern\u00e6st gyldent lys, der \u2013 som han senere beskrev det \u2013 efterlod ham \u201d\u2026 i en tilstand af bevidst ud\u00f8delighed og med evne til at se, at kun livet eksisterer, og at m\u00f8rke og lidelse kun er kamufleret k\u00e6rlighed, og at Guds v\u00e6sen er n\u00e6rv\u00e6rende i alt og alle\u201d.<\/p>\n<p>Oplevelserne \u2013 som han senere beskrev som en \u201dkosmisk indvielse\u201d \u2013 var s\u00e5 skels\u00e6ttende, at Martinus f\u00f8lte sig tilskyndet til at nedskrive de sammenh\u00e6nge, han nu s\u00e5 for sig.<\/p>\n<p>[\/et_pb_text][\/et_pb_column][\/et_pb_row][et_pb_row column_structure=&#8221;2_5,3_5&#8243; _builder_version=&#8221;4.16&#8243; max_width=&#8221;1300px&#8221; global_colors_info=&#8221;{}&#8221;][et_pb_column type=&#8221;2_5&#8243; _builder_version=&#8221;4.16&#8243; global_colors_info=&#8221;{}&#8221;][et_pb_text admin_label=&#8221;tekst &#8211; Stor interesse for Martinus&#8221; _builder_version=&#8221;4.16&#8243; global_colors_info=&#8221;{}&#8221;]<\/p>\n<p><strong>Stor interesse for Martinus<\/strong><\/p>\n<p>I de f\u00f8lgende \u00e5rtier arbejdede Martinus utr\u00e6tteligt p\u00e5 at formulere det k\u00e6rlige og optimistiske verdensbillede, han s\u00e5 for sig. Det mundede ud i en lang r\u00e6kke b\u00f8ger og artikler, hvoraf hovedv\u00e6rket er <em>Livets Bog 1-7<\/em>. En stadig bredere kreds af venner og interesserede bidrog b\u00e5de praktisk og \u00f8konomisk til at udbrede v\u00e6rkerne i ind- og udland.<\/p>\n<p>Senere blev det bl.a. muligt at oprette <a href=\"https:\/\/www.martinus.dk\/da-dk\/martinus-institut\/\">Martinus Institut p\u00e5 Frederiksberg<\/a> \u2013 eller Livets Bogs Bureau som det f\u00f8rst hed \u2013 og siden kom kursuscentret <a href=\"https:\/\/www.martinus.dk\/da-dk\/om-martinus-center-klint\/\">Martinus Center Klint i Odsherred<\/a>. Martinus\u2019 v\u00e6rker er oversat til over 20 sprog og l\u00e6ses og studeres den dag i dag af tusindvis af mennesker &#8211; fortrinsvis i Skandinavien men ogs\u00e5 i andre dele af verden.<\/p>\n<p>Martinus fortsatte frem til sin d\u00f8d i 1981 sit beskedne og arbejdsomme liv med at skrive, tegne og fort\u00e6lle om sit \u00e5ndsvidenskabelige verdensbillede \u2013 altid i t\u00e6t samspil med sine mange medarbejdere og andre interesserede i hans \u201dSag\u201d, som han kaldte det. Hans livshistorie er n\u00e6rmere beskrevet i bogen <a href=\"https:\/\/shop.martinus.dk\/andre-udgivelser-41\/\"><em>Martinus\u2019 Erindringer<\/em> redigeret af Sam Zinglersen<\/a>. Se en <a href=\"https:\/\/www.youtube.com\/watch?v=NjtNwtck3Ko\">filmoptagelse af Martinus p\u00e5 talerstolen i 1956<\/a>.<\/p>\n<p>Inden sin d\u00f8d overdrog Martinus rettighederne til sit livsv\u00e6rk til en selvejende institution, som fik til form\u00e5l at videref\u00f8re arven. Det blev senere til en fond, der fortsat videref\u00f8rer b\u00e5de Instituttet og kursuscentret med hj\u00e6lp fra et lille antal ansatte og et stort antal frivillige, som i f\u00e6llesskab holder Martinus\u2019 verdensbillede og formidlingen af det levende og aktuelt.<\/p>\n<p>&nbsp;<\/p>\n<p>[\/et_pb_text][\/et_pb_column][et_pb_column type=&#8221;3_5&#8243; _builder_version=&#8221;4.16&#8243; global_colors_info=&#8221;{}&#8221;][et_pb_image src=&#8221;\/billeder\/design2\/1-1-Martinus2_L.jpg&#8221; alt=&#8221;Martinus ved skrivebordet&#8221; title_text=&#8221;Martinus ved skrivebordet&#8221; align_tablet=&#8221;center&#8221; align_phone=&#8221;&#8221; align_last_edited=&#8221;on|tablet&#8221; _builder_version=&#8221;4.16&#8243; custom_margin=&#8221;||15px|10%|false|false&#8221; custom_margin_tablet=&#8221;|0px|15px|0%|false|false&#8221; custom_margin_phone=&#8221;&#8221; custom_margin_last_edited=&#8221;on|phone&#8221; global_colors_info=&#8221;{}&#8221;][\/et_pb_image][et_pb_text _builder_version=&#8221;4.16&#8243; text_font_size=&#8221;16px&#8221; text_orientation=&#8221;right&#8221; global_colors_info=&#8221;{}&#8221;]<\/p>\n<p>Martinus underskriver julehilsener, 1969<\/p>\n<p>[\/et_pb_text][\/et_pb_column][\/et_pb_row][et_pb_row _builder_version=&#8221;4.16&#8243; max_width=&#8221;1300px&#8221; global_colors_info=&#8221;{}&#8221;][et_pb_column type=&#8221;4_4&#8243; _builder_version=&#8221;4.16&#8243; global_colors_info=&#8221;{}&#8221;][et_pb_divider _builder_version=&#8221;4.16&#8243; global_colors_info=&#8221;{}&#8221;][\/et_pb_divider][et_pb_text admin_label=&#8221;CTA&#8221; _builder_version=&#8221;4.16&#8243; custom_margin=&#8221;||20px||false|false&#8221; custom_padding=&#8221;||||false|false&#8221; global_colors_info=&#8221;{}&#8221;]<\/p>\n<h2>F\u00f8lg i Martinus fodspor<\/h2>\n<p>[\/et_pb_text][et_pb_text _builder_version=&#8221;4.16&#8243; _module_preset=&#8221;default&#8221; custom_margin=&#8221;||||false|false&#8221; custom_padding=&#8221;||33px||false|false&#8221; global_colors_info=&#8221;{}&#8221;]Arven efter Martinus lever i bedste velg\u00e5ende. Du kan komme t\u00e6ttere p\u00e5 hans liv og v\u00e6rk her:[\/et_pb_text][\/et_pb_column][\/et_pb_row][et_pb_row column_structure=&#8221;2_5,3_5&#8243; _builder_version=&#8221;4.16&#8243; max_width=&#8221;1300px&#8221; custom_margin=&#8221;||||false|false&#8221; global_colors_info=&#8221;{}&#8221;][et_pb_column type=&#8221;2_5&#8243; _builder_version=&#8221;4.16&#8243; global_colors_info=&#8221;{}&#8221;][et_pb_image src=&#8221;\/billeder\/design2\/1-1-MI_kontor_L_alt.jpg&#8221; alt=&#8221;Martinus&#8217; kontor&#8221; title_text=&#8221;Martinus&#8217; kontor&#8221; _builder_version=&#8221;4.16&#8243; max_width=&#8221;480px&#8221; global_colors_info=&#8221;{}&#8221;][\/et_pb_image][\/et_pb_column][et_pb_column type=&#8221;3_5&#8243; _builder_version=&#8221;4.16&#8243; global_colors_info=&#8221;{}&#8221;][et_pb_text _builder_version=&#8221;4.16&#8243; max_width=&#8221;60%&#8221; max_width_tablet=&#8221;80%&#8221; max_width_phone=&#8221;&#8221; max_width_last_edited=&#8221;on|tablet&#8221; custom_margin=&#8221;20px|||100px|false|false&#8221; custom_margin_tablet=&#8221;|||0px|false|false&#8221; custom_margin_phone=&#8221;&#8221; custom_margin_last_edited=&#8221;on|tablet&#8221; global_colors_info=&#8221;{}&#8221;]<\/p>\n<p>Martinus Institut, hvor Martinus boede og arbejdede i flere \u00e5rtier frem til sin d\u00f8d \u2013 og hvor hans hyggelige lille lejlighed er bevaret i oprindelig stand.<\/p>\n<p>[\/et_pb_text][et_pb_button button_url=&#8221;\/da-dk\/martinus-institut\/&#8221; button_text=&#8221;L\u00e6s mere om Instituttet&#8221; _builder_version=&#8221;4.16&#8243; custom_button=&#8221;on&#8221; custom_margin=&#8221;|||100px|false|false&#8221; custom_margin_tablet=&#8221;|||0px|false|false&#8221; custom_margin_phone=&#8221;&#8221; custom_margin_last_edited=&#8221;on|tablet&#8221; custom_padding=&#8221;|40px||40px|false|false&#8221; global_colors_info=&#8221;{}&#8221;][\/et_pb_button][\/et_pb_column][\/et_pb_row][et_pb_row column_structure=&#8221;2_5,3_5&#8243; _builder_version=&#8221;4.16&#8243; max_width=&#8221;1300px&#8221; global_colors_info=&#8221;{}&#8221;][et_pb_column type=&#8221;2_5&#8243; _builder_version=&#8221;4.16&#8243; global_colors_info=&#8221;{}&#8221;][et_pb_image src=&#8221;\/billeder\/design2\/1-1-Sindal_L.jpg&#8221; alt=&#8221;Martinus&#8217; barndomshjem&#8221; title_text=&#8221;Martinus&#8217; barndomshjem&#8221; _builder_version=&#8221;4.16&#8243; max_width=&#8221;480px&#8221; global_colors_info=&#8221;{}&#8221;][\/et_pb_image][\/et_pb_column][et_pb_column type=&#8221;3_5&#8243; _builder_version=&#8221;4.16&#8243; global_colors_info=&#8221;{}&#8221;][et_pb_text _builder_version=&#8221;4.16&#8243; max_width=&#8221;80%&#8221; custom_margin=&#8221;20px|||100px|false|false&#8221; custom_margin_tablet=&#8221;20px|||0px|false|false&#8221; custom_margin_phone=&#8221;&#8221; custom_margin_last_edited=&#8221;on|tablet&#8221; global_colors_info=&#8221;{}&#8221;]Martinus\u2019 barndomshjem i Sindal er ogs\u00e5 bevaret og \u00e5bent for bes\u00f8gende hele \u00e5ret, hvor man b\u00e5de kan bes\u00f8ge de beskedne stuer \u2013 og den smukke omgivende natur.[\/et_pb_text][et_pb_button button_url=&#8221;\/da-dk\/moskildvad\/&#8221; button_text=&#8221;L\u00e6s mere om Sindal&#8221; _builder_version=&#8221;4.16&#8243; custom_button=&#8221;on&#8221; custom_margin=&#8221;|||100px|false|false&#8221; custom_margin_tablet=&#8221;|||0px|false|false&#8221; custom_margin_phone=&#8221;&#8221; custom_margin_last_edited=&#8221;on|tablet&#8221; custom_padding=&#8221;|40px||40px|false|false&#8221; global_colors_info=&#8221;{}&#8221;][\/et_pb_button][\/et_pb_column][\/et_pb_row][et_pb_row column_structure=&#8221;2_5,3_5&#8243; _builder_version=&#8221;4.16&#8243; max_width=&#8221;1300px&#8221; custom_margin=&#8221;||94px||false|false&#8221; global_colors_info=&#8221;{}&#8221;][et_pb_column type=&#8221;2_5&#8243; _builder_version=&#8221;4.16&#8243; global_colors_info=&#8221;{}&#8221;][et_pb_image src=&#8221;\/billeder\/design2\/1-1-Klint_L.jpg&#8221; alt=&#8221;Badebro i Klint&#8221; title_text=&#8221;Badebro i Klint&#8221; _builder_version=&#8221;4.16&#8243; max_width=&#8221;480px&#8221; global_colors_info=&#8221;{}&#8221;][\/et_pb_image][\/et_pb_column][et_pb_column type=&#8221;3_5&#8243; _builder_version=&#8221;4.16&#8243; global_colors_info=&#8221;{}&#8221;][et_pb_text _builder_version=&#8221;4.16&#8243; max_width=&#8221;60%&#8221; max_width_tablet=&#8221;80%&#8221; max_width_phone=&#8221;&#8221; max_width_last_edited=&#8221;on|tablet&#8221; custom_margin=&#8221;20px|||100px|false|false&#8221; custom_margin_tablet=&#8221;20px|||0px|false|false&#8221; custom_margin_phone=&#8221;&#8221; custom_margin_last_edited=&#8221;on|tablet&#8221; global_colors_info=&#8221;{}&#8221;]<\/p>\n<p>Martinus Center Klint var og er is\u00e6r i sommerhalv\u00e5ret samlingspunkt for Martinus-interesserede fra n\u00e6r og fjern. Kig forbi centrets plantebaserede restaurant og caf\u00e9 \u2013 eller tjek <a href=\"https:\/\/www.martinus.dk\/pdf\/Kursusprogram_MI_Klint_2022.pdf\">kursusprogrammet<\/a>.<\/p>\n<p>[\/et_pb_text][et_pb_button button_url=&#8221;\/da-dk\/om-martinus-center-klint\/&#8221; button_text=&#8221;L\u00e6s mere om Klint&#8221; _builder_version=&#8221;4.16&#8243; custom_button=&#8221;on&#8221; custom_margin=&#8221;|||100px|false|false&#8221; custom_margin_tablet=&#8221;|||0px|false|false&#8221; custom_margin_phone=&#8221;&#8221; custom_margin_last_edited=&#8221;on|tablet&#8221; custom_padding=&#8221;|40px||40px|false|false&#8221; global_colors_info=&#8221;{}&#8221;][\/et_pb_button][\/et_pb_column][\/et_pb_row][\/et_pb_section]<\/p>\n","protected":false},"excerpt":{"rendered":"<p>Martinus&#8217; liv og opv\u00e6kstMartinus kom fra sm\u00e5 k\u00e5r og havde ingen lang uddannelse bag sig. Til geng\u00e6ld var han drevet af stor nysgerrighed, lyst til at l\u00e6re og et dybt engagement i andre mennesker. De egenskaber tog han med ind i sit mange\u00e5rige \u00e5ndsvidenskabelige arbejde \u2013 og arven efter ham lever stadig.Martinus blev f\u00f8dt i [&hellip;]<\/p>\n","protected":false},"author":1,"featured_media":0,"parent":0,"menu_order":0,"comment_status":"closed","ping_status":"closed","template":"","meta":{"_et_pb_use_builder":"on","_et_pb_old_content":"","_et_gb_content_width":"","footnotes":""},"class_list":["post-419","page","type-page","status-publish","hentry"],"yoast_head":"<!-- This site is optimized with the Yoast SEO Premium plugin v28.2 (Yoast SEO v28.3) - https:\/\/yoast.com\/product\/yoast-seo-premium-wordpress\/ -->\n<title>Martinus liv og opv\u00e6kst - Martinus Institut<\/title>\n<meta name=\"robots\" content=\"index, follow, max-snippet:-1, max-image-preview:large, max-video-preview:-1\" \/>\n<link rel=\"canonical\" href=\"https:\/\/www.martinus.dk\/da-dk\/martinus-liv-og-opvaekst\/\" \/>\n<meta property=\"og:locale\" content=\"da_DK\" \/>\n<meta property=\"og:type\" content=\"article\" \/>\n<meta property=\"og:title\" content=\"Martinus liv og opv\u00e6kst\" \/>\n<meta property=\"og:description\" content=\"Martinus&#039; liv og opv\u00e6kstMartinus kom fra sm\u00e5 k\u00e5r og havde ingen lang uddannelse bag sig. Til geng\u00e6ld var han drevet af stor nysgerrighed, lyst til at l\u00e6re og et dybt engagement i andre mennesker. De egenskaber tog han med ind i sit mange\u00e5rige \u00e5ndsvidenskabelige arbejde \u2013 og arven efter ham lever stadig.Martinus blev f\u00f8dt i [&hellip;]\" \/>\n<meta property=\"og:url\" content=\"https:\/\/www.martinus.dk\/da-dk\/martinus-liv-og-opvaekst\/\" \/>\n<meta property=\"og:site_name\" content=\"Martinus Institut\" \/>\n<meta property=\"article:publisher\" content=\"https:\/\/www.facebook.com\/MartinusInstitut\" \/>\n<meta property=\"article:modified_time\" content=\"2023-01-27T12:26:38+00:00\" \/>\n<meta property=\"og:image\" content=\"https:\/\/www.martinus.dk\/da-dk\/wp-content\/uploads\/sites\/2\/2021\/01\/Stjernesymbol-361.png\" \/>\n\t<meta property=\"og:image:width\" content=\"361\" \/>\n\t<meta property=\"og:image:height\" content=\"361\" \/>\n\t<meta property=\"og:image:type\" content=\"image\/png\" \/>\n<meta name=\"twitter:card\" content=\"summary_large_image\" \/>\n<meta name=\"twitter:label1\" content=\"Estimeret l\u00e6setid\" \/>\n\t<meta name=\"twitter:data1\" content=\"10 minutter\" \/>\n<script type=\"application\/ld+json\" class=\"yoast-schema-graph\">{\"@context\":\"https:\\\/\\\/schema.org\",\"@graph\":[{\"@type\":\"WebPage\",\"@id\":\"https:\\\/\\\/www.martinus.dk\\\/da-dk\\\/martinus-liv-og-opvaekst\\\/\",\"url\":\"https:\\\/\\\/www.martinus.dk\\\/da-dk\\\/martinus-liv-og-opvaekst\\\/\",\"name\":\"Martinus liv og opv\u00e6kst - Martinus Institut\",\"isPartOf\":{\"@id\":\"https:\\\/\\\/www.martinus.dk\\\/da-dk\\\/#website\"},\"datePublished\":\"2020-05-17T07:08:24+00:00\",\"dateModified\":\"2023-01-27T12:26:38+00:00\",\"breadcrumb\":{\"@id\":\"https:\\\/\\\/www.martinus.dk\\\/da-dk\\\/martinus-liv-og-opvaekst\\\/#breadcrumb\"},\"inLanguage\":\"da-DK\",\"potentialAction\":[{\"@type\":\"ReadAction\",\"target\":[\"https:\\\/\\\/www.martinus.dk\\\/da-dk\\\/martinus-liv-og-opvaekst\\\/\"]}]},{\"@type\":\"BreadcrumbList\",\"@id\":\"https:\\\/\\\/www.martinus.dk\\\/da-dk\\\/martinus-liv-og-opvaekst\\\/#breadcrumb\",\"itemListElement\":[{\"@type\":\"ListItem\",\"position\":1,\"name\":\"Hjem\",\"item\":\"https:\\\/\\\/www.martinus.dk\\\/da-dk\\\/\"},{\"@type\":\"ListItem\",\"position\":2,\"name\":\"Martinus liv og opv\u00e6kst\"}]},{\"@type\":\"WebSite\",\"@id\":\"https:\\\/\\\/www.martinus.dk\\\/da-dk\\\/#website\",\"url\":\"https:\\\/\\\/www.martinus.dk\\\/da-dk\\\/\",\"name\":\"Martinus Institut\",\"description\":\"Martinus Institut - undervisning og udgivelse af Martinus v\u00e6rk\",\"publisher\":{\"@id\":\"https:\\\/\\\/www.martinus.dk\\\/da-dk\\\/#organization\"},\"potentialAction\":[{\"@type\":\"SearchAction\",\"target\":{\"@type\":\"EntryPoint\",\"urlTemplate\":\"https:\\\/\\\/www.martinus.dk\\\/da-dk\\\/?s={search_term_string}\"},\"query-input\":{\"@type\":\"PropertyValueSpecification\",\"valueRequired\":true,\"valueName\":\"search_term_string\"}}],\"inLanguage\":\"da-DK\"},{\"@type\":\"Organization\",\"@id\":\"https:\\\/\\\/www.martinus.dk\\\/da-dk\\\/#organization\",\"name\":\"Martinus Institut\",\"url\":\"https:\\\/\\\/www.martinus.dk\\\/da-dk\\\/\",\"logo\":{\"@type\":\"ImageObject\",\"inLanguage\":\"da-DK\",\"@id\":\"https:\\\/\\\/www.martinus.dk\\\/da-dk\\\/#\\\/schema\\\/logo\\\/image\\\/\",\"url\":\"https:\\\/\\\/www.martinus.dk\\\/da-dk\\\/wp-content\\\/uploads\\\/sites\\\/2\\\/2021\\\/01\\\/Stjernesymbol-361.png\",\"contentUrl\":\"https:\\\/\\\/www.martinus.dk\\\/da-dk\\\/wp-content\\\/uploads\\\/sites\\\/2\\\/2021\\\/01\\\/Stjernesymbol-361.png\",\"width\":361,\"height\":361,\"caption\":\"Martinus Institut\"},\"image\":{\"@id\":\"https:\\\/\\\/www.martinus.dk\\\/da-dk\\\/#\\\/schema\\\/logo\\\/image\\\/\"},\"sameAs\":[\"https:\\\/\\\/www.facebook.com\\\/MartinusInstitut\"]}]}<\/script>\n<!-- \/ Yoast SEO Premium plugin. -->","yoast_head_json":{"title":"Martinus liv og opv\u00e6kst - Martinus Institut","robots":{"index":"index","follow":"follow","max-snippet":"max-snippet:-1","max-image-preview":"max-image-preview:large","max-video-preview":"max-video-preview:-1"},"canonical":"https:\/\/www.martinus.dk\/da-dk\/martinus-liv-og-opvaekst\/","og_locale":"da_DK","og_type":"article","og_title":"Martinus liv og opv\u00e6kst","og_description":"Martinus' liv og opv\u00e6kstMartinus kom fra sm\u00e5 k\u00e5r og havde ingen lang uddannelse bag sig. Til geng\u00e6ld var han drevet af stor nysgerrighed, lyst til at l\u00e6re og et dybt engagement i andre mennesker. De egenskaber tog han med ind i sit mange\u00e5rige \u00e5ndsvidenskabelige arbejde \u2013 og arven efter ham lever stadig.Martinus blev f\u00f8dt i [&hellip;]","og_url":"https:\/\/www.martinus.dk\/da-dk\/martinus-liv-og-opvaekst\/","og_site_name":"Martinus Institut","article_publisher":"https:\/\/www.facebook.com\/MartinusInstitut","article_modified_time":"2023-01-27T12:26:38+00:00","og_image":[{"width":361,"height":361,"url":"https:\/\/www.martinus.dk\/da-dk\/wp-content\/uploads\/sites\/2\/2021\/01\/Stjernesymbol-361.png","type":"image\/png"}],"twitter_card":"summary_large_image","twitter_misc":{"Estimeret l\u00e6setid":"10 minutter"},"schema":{"@context":"https:\/\/schema.org","@graph":[{"@type":"WebPage","@id":"https:\/\/www.martinus.dk\/da-dk\/martinus-liv-og-opvaekst\/","url":"https:\/\/www.martinus.dk\/da-dk\/martinus-liv-og-opvaekst\/","name":"Martinus liv og opv\u00e6kst - Martinus Institut","isPartOf":{"@id":"https:\/\/www.martinus.dk\/da-dk\/#website"},"datePublished":"2020-05-17T07:08:24+00:00","dateModified":"2023-01-27T12:26:38+00:00","breadcrumb":{"@id":"https:\/\/www.martinus.dk\/da-dk\/martinus-liv-og-opvaekst\/#breadcrumb"},"inLanguage":"da-DK","potentialAction":[{"@type":"ReadAction","target":["https:\/\/www.martinus.dk\/da-dk\/martinus-liv-og-opvaekst\/"]}]},{"@type":"BreadcrumbList","@id":"https:\/\/www.martinus.dk\/da-dk\/martinus-liv-og-opvaekst\/#breadcrumb","itemListElement":[{"@type":"ListItem","position":1,"name":"Hjem","item":"https:\/\/www.martinus.dk\/da-dk\/"},{"@type":"ListItem","position":2,"name":"Martinus liv og opv\u00e6kst"}]},{"@type":"WebSite","@id":"https:\/\/www.martinus.dk\/da-dk\/#website","url":"https:\/\/www.martinus.dk\/da-dk\/","name":"Martinus Institut","description":"Martinus Institut - undervisning og udgivelse af Martinus v\u00e6rk","publisher":{"@id":"https:\/\/www.martinus.dk\/da-dk\/#organization"},"potentialAction":[{"@type":"SearchAction","target":{"@type":"EntryPoint","urlTemplate":"https:\/\/www.martinus.dk\/da-dk\/?s={search_term_string}"},"query-input":{"@type":"PropertyValueSpecification","valueRequired":true,"valueName":"search_term_string"}}],"inLanguage":"da-DK"},{"@type":"Organization","@id":"https:\/\/www.martinus.dk\/da-dk\/#organization","name":"Martinus Institut","url":"https:\/\/www.martinus.dk\/da-dk\/","logo":{"@type":"ImageObject","inLanguage":"da-DK","@id":"https:\/\/www.martinus.dk\/da-dk\/#\/schema\/logo\/image\/","url":"https:\/\/www.martinus.dk\/da-dk\/wp-content\/uploads\/sites\/2\/2021\/01\/Stjernesymbol-361.png","contentUrl":"https:\/\/www.martinus.dk\/da-dk\/wp-content\/uploads\/sites\/2\/2021\/01\/Stjernesymbol-361.png","width":361,"height":361,"caption":"Martinus Institut"},"image":{"@id":"https:\/\/www.martinus.dk\/da-dk\/#\/schema\/logo\/image\/"},"sameAs":["https:\/\/www.facebook.com\/MartinusInstitut"]}]}},"_links":{"self":[{"href":"https:\/\/www.martinus.dk\/da-dk\/wp-json\/wp\/v2\/pages\/419","targetHints":{"allow":["GET"]}}],"collection":[{"href":"https:\/\/www.martinus.dk\/da-dk\/wp-json\/wp\/v2\/pages"}],"about":[{"href":"https:\/\/www.martinus.dk\/da-dk\/wp-json\/wp\/v2\/types\/page"}],"author":[{"embeddable":true,"href":"https:\/\/www.martinus.dk\/da-dk\/wp-json\/wp\/v2\/users\/1"}],"replies":[{"embeddable":true,"href":"https:\/\/www.martinus.dk\/da-dk\/wp-json\/wp\/v2\/comments?post=419"}],"version-history":[{"count":40,"href":"https:\/\/www.martinus.dk\/da-dk\/wp-json\/wp\/v2\/pages\/419\/revisions"}],"predecessor-version":[{"id":14061,"href":"https:\/\/www.martinus.dk\/da-dk\/wp-json\/wp\/v2\/pages\/419\/revisions\/14061"}],"wp:attachment":[{"href":"https:\/\/www.martinus.dk\/da-dk\/wp-json\/wp\/v2\/media?parent=419"}],"curies":[{"name":"wp","href":"https:\/\/api.w.org\/{rel}","templated":true}]}}